{"id":1835,"date":"2026-02-15T10:11:37","date_gmt":"2026-02-15T10:11:37","guid":{"rendered":"https:\/\/www.newbornfotoatelier.cz\/?page_id=1835"},"modified":"2026-02-24T07:02:58","modified_gmt":"2026-02-24T07:02:58","slug":"tehotenske-sternberk","status":"publish","type":"page","link":"https:\/\/www.newbornfotoatelier.cz\/newborn-a-tehotenske-foceni-specializovany-fotoatelier\/tehotenske-sternberk\/","title":{"rendered":"T\u011bhotensk\u00e9 \u0160ternberk"},"content":{"rendered":"\n<h1 class=\"wp-block-heading\">T\u011bhotensk\u00e9 focen\u00ed \u0160ternberk: Va\u0161e kr\u00e1sa v rukou profesion\u00e1la<\/h1>\n\n\n\n<figure class=\"wp-block-gallery has-nested-images columns-default is-cropped wp-block-gallery-1 is-layout-flex wp-block-gallery-is-layout-flex\">\n<figure class=\"wp-block-image size-full\"><img loading=\"lazy\" decoding=\"async\" width=\"1600\" height=\"2000\" data-id=\"1805\" src=\"https:\/\/www.newbornfotoatelier.cz\/wp-content\/uploads\/2026\/02\/Irovska-Holoubek-kopie-2.webp\" alt=\"T\u011bhotensk\u00e9 focen\u00ed ve \u0160ternberku\" class=\"wp-image-1805\" srcset=\"https:\/\/www.newbornfotoatelier.cz\/wp-content\/uploads\/2026\/02\/Irovska-Holoubek-kopie-2.webp 1600w, https:\/\/www.newbornfotoatelier.cz\/wp-content\/uploads\/2026\/02\/Irovska-Holoubek-kopie-2-240x300.webp 240w, https:\/\/www.newbornfotoatelier.cz\/wp-content\/uploads\/2026\/02\/Irovska-Holoubek-kopie-2-819x1024.webp 819w, https:\/\/www.newbornfotoatelier.cz\/wp-content\/uploads\/2026\/02\/Irovska-Holoubek-kopie-2-768x960.webp 768w, https:\/\/www.newbornfotoatelier.cz\/wp-content\/uploads\/2026\/02\/Irovska-Holoubek-kopie-2-1229x1536.webp 1229w, https:\/\/www.newbornfotoatelier.cz\/wp-content\/uploads\/2026\/02\/Irovska-Holoubek-kopie-2-1200x1500.webp 1200w\" sizes=\"auto, (max-width: 1600px) 100vw, 1600px\" \/><\/figure>\n\n\n\n<figure class=\"wp-block-image size-full\"><img loading=\"lazy\" decoding=\"async\" width=\"1600\" height=\"2000\" data-id=\"1788\" src=\"https:\/\/www.newbornfotoatelier.cz\/wp-content\/uploads\/2026\/02\/Prochazkova3-kopie1-1.webp\" alt=\"T\u011bhotensk\u00e9 focen\u00ed \u0160ternberk\" class=\"wp-image-1788\" srcset=\"https:\/\/www.newbornfotoatelier.cz\/wp-content\/uploads\/2026\/02\/Prochazkova3-kopie1-1.webp 1600w, https:\/\/www.newbornfotoatelier.cz\/wp-content\/uploads\/2026\/02\/Prochazkova3-kopie1-1-240x300.webp 240w, https:\/\/www.newbornfotoatelier.cz\/wp-content\/uploads\/2026\/02\/Prochazkova3-kopie1-1-819x1024.webp 819w, https:\/\/www.newbornfotoatelier.cz\/wp-content\/uploads\/2026\/02\/Prochazkova3-kopie1-1-768x960.webp 768w, https:\/\/www.newbornfotoatelier.cz\/wp-content\/uploads\/2026\/02\/Prochazkova3-kopie1-1-1229x1536.webp 1229w, https:\/\/www.newbornfotoatelier.cz\/wp-content\/uploads\/2026\/02\/Prochazkova3-kopie1-1-1200x1500.webp 1200w\" sizes=\"auto, (max-width: 1600px) 100vw, 1600px\" \/><\/figure>\n\n\n\n<figure class=\"wp-block-image size-full\"><img loading=\"lazy\" decoding=\"async\" width=\"1600\" height=\"2000\" data-id=\"1693\" src=\"https:\/\/www.newbornfotoatelier.cz\/wp-content\/uploads\/2026\/01\/Irovska-Holoubek1-kopie.webp\" alt=\"Glamour\/t\u011bhotensk\u00e9 focen\u00ed \u0160ternberk\" class=\"wp-image-1693\" srcset=\"https:\/\/www.newbornfotoatelier.cz\/wp-content\/uploads\/2026\/01\/Irovska-Holoubek1-kopie.webp 1600w, https:\/\/www.newbornfotoatelier.cz\/wp-content\/uploads\/2026\/01\/Irovska-Holoubek1-kopie-240x300.webp 240w, https:\/\/www.newbornfotoatelier.cz\/wp-content\/uploads\/2026\/01\/Irovska-Holoubek1-kopie-819x1024.webp 819w, https:\/\/www.newbornfotoatelier.cz\/wp-content\/uploads\/2026\/01\/Irovska-Holoubek1-kopie-768x960.webp 768w, https:\/\/www.newbornfotoatelier.cz\/wp-content\/uploads\/2026\/01\/Irovska-Holoubek1-kopie-1229x1536.webp 1229w, https:\/\/www.newbornfotoatelier.cz\/wp-content\/uploads\/2026\/01\/Irovska-Holoubek1-kopie-1200x1500.webp 1200w\" sizes=\"auto, (max-width: 1600px) 100vw, 1600px\" \/><\/figure>\n<\/figure>\n\n\n\n<p>Hled\u00e1te \u0161pi\u010dkov\u00e9 t\u011bhotensk\u00e9 focen\u00ed v okol\u00ed \u0160ternberka? Jmenuji se Tom\u00e1\u0161 Tulec a nab\u00edz\u00edm v\u00e1m sv\u00e9 <strong>bohat\u00e9, v\u00edce ne\u017e dvacetilet\u00e9 zku\u0161enosti<\/strong> s kompletn\u00ed portr\u00e9tn\u00ed fotografi\u00ed. M\u00e9 zku\u0161enosti a cit pro detail byly ocen\u011bny i spoluprac\u00ed s <strong>\u010dasopisem Mil\u00e9nium<\/strong>. Pro maminky ze \u0160ternberka a okol\u00ed jsem vytvo\u0159il unik\u00e1tn\u00ed z\u00e1zem\u00ed v Hn\u011bvot\u00edn\u011b, kter\u00e9 je od v\u00e1s vzd\u00e1len\u00e9 jen n\u011bkolik minut cesty.<\/p>\n\n\n\n<h2 class=\"wp-block-heading\">Exkluzivn\u00ed p\u00e9\u010de s viz\u00e1\u017eistkou Janou<\/h2>\n\n\n\n<p>V\u011bt\u0161ina maminek ze \u0160ternberka k n\u00e1m jezd\u00ed za kompletn\u00edm servisem. O va\u0161i prom\u011bnu se postar\u00e1 moje <strong>man\u017eelka Jana, profesion\u00e1ln\u00ed viz\u00e1\u017eistka<\/strong>. Jako sehran\u00fd t\u00fdm zaru\u010dujeme, \u017ee make-up i \u00fa\u010des budou dokonale ladit s vybran\u00fdm stylem focen\u00ed a nasv\u00edcen\u00edm sc\u00e9ny. V\u0161e prob\u00edh\u00e1 v klidu na jednom m\u00edst\u011b \u2013 sta\u010d\u00ed jen p\u0159ijet a nechat se h\u00fd\u010dkat.<\/p>\n\n\n\n<h2 class=\"wp-block-heading\">Dva odli\u0161n\u00e9 sv\u011bty: Kter\u00fd styl je v\u00e1m bli\u017e\u0161\u00ed?<\/h2>\n\n\n\n<p>V na\u0161em hn\u011bvot\u00ednsk\u00e9m s\u00eddle disponujeme dv\u011bma specializovan\u00fdmi ateli\u00e9ry, kter\u00e9 n\u00e1m umo\u017e\u0148uj\u00ed tvo\u0159it portr\u00e9ty p\u0159esn\u011b podle va\u0161eho vkusu:<\/p>\n\n\n\n<ul class=\"wp-block-list\">\n<li><strong>Sv\u011btl\u00fd ateli\u00e9r &#8222;Pure&#8220;:<\/strong> \u010cist\u00fd a minimalistick\u00fd styl pro jemn\u00e9 vzpom\u00ednky na obdob\u00ed o\u010dek\u00e1v\u00e1n\u00ed v prosv\u011btlen\u00fdch t\u00f3nech.<\/li>\n\n\n\n<li><strong>Um\u011bleck\u00fd ateli\u00e9r &#8222;Glow&#8220;:<\/strong> Sc\u00e9na zam\u011b\u0159en\u00e1 na hru sv\u011btla a st\u00ednu, ide\u00e1ln\u00ed pro dramatick\u00e9 a luxusn\u00ed glamour portr\u00e9ty.<\/li>\n<\/ul>\n\n\n\n<figure class=\"wp-block-gallery has-nested-images columns-default is-cropped wp-block-gallery-2 is-layout-flex wp-block-gallery-is-layout-flex\">\n<figure class=\"wp-block-image size-full\"><img loading=\"lazy\" decoding=\"async\" width=\"1600\" height=\"2000\" data-id=\"1664\" src=\"https:\/\/www.newbornfotoatelier.cz\/wp-content\/uploads\/2026\/01\/Cudovska-kopie.webp\" alt=\"T\u011bhotensk\u00e9 focen\u00ed \u0160ternberk\" class=\"wp-image-1664\" srcset=\"https:\/\/www.newbornfotoatelier.cz\/wp-content\/uploads\/2026\/01\/Cudovska-kopie.webp 1600w, https:\/\/www.newbornfotoatelier.cz\/wp-content\/uploads\/2026\/01\/Cudovska-kopie-240x300.webp 240w, https:\/\/www.newbornfotoatelier.cz\/wp-content\/uploads\/2026\/01\/Cudovska-kopie-819x1024.webp 819w, https:\/\/www.newbornfotoatelier.cz\/wp-content\/uploads\/2026\/01\/Cudovska-kopie-768x960.webp 768w, https:\/\/www.newbornfotoatelier.cz\/wp-content\/uploads\/2026\/01\/Cudovska-kopie-1229x1536.webp 1229w, https:\/\/www.newbornfotoatelier.cz\/wp-content\/uploads\/2026\/01\/Cudovska-kopie-1200x1500.webp 1200w\" sizes=\"auto, (max-width: 1600px) 100vw, 1600px\" \/><\/figure>\n\n\n\n<figure class=\"wp-block-image size-full\"><img loading=\"lazy\" decoding=\"async\" width=\"1500\" height=\"1200\" data-id=\"719\" src=\"https:\/\/www.newbornfotoatelier.cz\/wp-content\/uploads\/2022\/01\/skarpova5.jpg\" alt=\"Focen\u00ed b\u0159\u00ed\u0161ka ve \u0160ternberku\" class=\"wp-image-719\" srcset=\"https:\/\/www.newbornfotoatelier.cz\/wp-content\/uploads\/2022\/01\/skarpova5.jpg 1500w, https:\/\/www.newbornfotoatelier.cz\/wp-content\/uploads\/2022\/01\/skarpova5-300x240.jpg 300w, https:\/\/www.newbornfotoatelier.cz\/wp-content\/uploads\/2022\/01\/skarpova5-1024x819.jpg 1024w, https:\/\/www.newbornfotoatelier.cz\/wp-content\/uploads\/2022\/01\/skarpova5-768x614.jpg 768w, https:\/\/www.newbornfotoatelier.cz\/wp-content\/uploads\/2022\/01\/skarpova5-1200x960.jpg 1200w\" sizes=\"auto, (max-width: 1500px) 100vw, 1500px\" \/><\/figure>\n\n\n\n<figure class=\"wp-block-image size-full\"><img loading=\"lazy\" decoding=\"async\" width=\"1120\" height=\"1400\" data-id=\"842\" src=\"https:\/\/www.newbornfotoatelier.cz\/wp-content\/uploads\/2023\/02\/fidrova3.jpg\" alt=\"P\u00e1rov\u00e9 t\u011bhotensk\u00e9 focen\u00ed\" class=\"wp-image-842\" srcset=\"https:\/\/www.newbornfotoatelier.cz\/wp-content\/uploads\/2023\/02\/fidrova3.jpg 1120w, https:\/\/www.newbornfotoatelier.cz\/wp-content\/uploads\/2023\/02\/fidrova3-240x300.jpg 240w, https:\/\/www.newbornfotoatelier.cz\/wp-content\/uploads\/2023\/02\/fidrova3-819x1024.jpg 819w, https:\/\/www.newbornfotoatelier.cz\/wp-content\/uploads\/2023\/02\/fidrova3-768x960.jpg 768w\" sizes=\"auto, (max-width: 1120px) 100vw, 1120px\" \/><\/figure>\n<\/figure>\n\n\n\n<h2 class=\"wp-block-heading\">Pro\u010d zvolit n\u00e1\u0161 ateli\u00e9r kousek od \u0160ternberka?<\/h2>\n\n\n\n<p>D\u00edky m\u00e9 dlouholet\u00e9 praxi, kterou m\u016f\u017eete vid\u011bt i na m\u00e9m portr\u00e9tn\u00edm webu <a target=\"_blank\" rel=\"noreferrer noopener\" href=\"https:\/\/www.tulectrendfoto.cz\">tulectrendfoto.cz<\/a>, v\u00edm, jak zachytit va\u0161i p\u0159irozenost. V Hn\u011bvot\u00edn\u011b disponujeme obrovskou \u0161atnou s des\u00edtkami t\u011bhotensk\u00fdch \u0161at\u016f a drah\u00fdch l\u00e1tek, kter\u00e9 pro focen\u00ed v exteri\u00e9ru nebo v provizorn\u00edch podm\u00ednk\u00e1ch nelze v pln\u00e9m rozsahu zajistit. U n\u00e1s m\u00e1te jistotu soukrom\u00ed, tepla a profesion\u00e1ln\u00edho v\u00fdsledku.<\/p>\n\n\n\n<figure class=\"wp-block-image size-full\"><img loading=\"lazy\" decoding=\"async\" width=\"2560\" height=\"1707\" src=\"https:\/\/www.newbornfotoatelier.cz\/wp-content\/uploads\/2026\/02\/file_000000008b90720aad875b8c46ddb7db-1-kopie-scaled.webp\" alt=\"T\u011bhotensk\u00e9 \u0161aty, t\u011bhotensk\u00fd fotoateli\u00e9r \u0160ternberk\" class=\"wp-image-1813\" srcset=\"https:\/\/www.newbornfotoatelier.cz\/wp-content\/uploads\/2026\/02\/file_000000008b90720aad875b8c46ddb7db-1-kopie-scaled.webp 2560w, https:\/\/www.newbornfotoatelier.cz\/wp-content\/uploads\/2026\/02\/file_000000008b90720aad875b8c46ddb7db-1-kopie-300x200.webp 300w, https:\/\/www.newbornfotoatelier.cz\/wp-content\/uploads\/2026\/02\/file_000000008b90720aad875b8c46ddb7db-1-kopie-1024x683.webp 1024w, https:\/\/www.newbornfotoatelier.cz\/wp-content\/uploads\/2026\/02\/file_000000008b90720aad875b8c46ddb7db-1-kopie-768x512.webp 768w, https:\/\/www.newbornfotoatelier.cz\/wp-content\/uploads\/2026\/02\/file_000000008b90720aad875b8c46ddb7db-1-kopie-1536x1024.webp 1536w, https:\/\/www.newbornfotoatelier.cz\/wp-content\/uploads\/2026\/02\/file_000000008b90720aad875b8c46ddb7db-1-kopie-2048x1365.webp 2048w, https:\/\/www.newbornfotoatelier.cz\/wp-content\/uploads\/2026\/02\/file_000000008b90720aad875b8c46ddb7db-1-kopie-1200x800.webp 1200w, https:\/\/www.newbornfotoatelier.cz\/wp-content\/uploads\/2026\/02\/file_000000008b90720aad875b8c46ddb7db-1-kopie-1980x1320.webp 1980w\" sizes=\"auto, (max-width: 2560px) 100vw, 2560px\" \/><\/figure>\n\n\n\n<h2 class=\"wp-block-heading\">Rezervujte si sv\u016fj term\u00edn v\u010das<\/h2>\n\n\n\n<p>T\u011bhotensk\u00e9 focen\u00ed doporu\u010duji napl\u00e1novat mezi 30. a 35. t\u00fddnem t\u011bhotenstv\u00ed. T\u011b\u0161\u00edm se, a\u017e spole\u010dn\u011b vytvo\u0159\u00edme sn\u00edmky, kter\u00e9 se stanou pokladem va\u0161\u00ed rodiny.<\/p>\n\n\n\n<p><strong>U\u017eite\u010dn\u00e9 odkazy:<\/strong><\/p>\n\n\n\n<ul class=\"wp-block-list\">\n<li>Prohl\u00e9dn\u011bte si m\u00e9 kompletn\u00ed <a href=\"https:\/\/www.newbornfotoatelier.cz\/tehotenske-foceni-tehotensky-fotoatelier-olomouc\/\" target=\"_blank\" rel=\"noreferrer noopener\">portfolio a nab\u00eddku t\u011bhotensk\u00e9ho focen\u00ed<\/a>.<\/li>\n\n\n\n<li>Chcete si rezervovat term\u00edn? <a href=\"https:\/\/www.newbornfotoatelier.cz\/kontakt\/\" target=\"_blank\" rel=\"noreferrer noopener\">Vyu\u017eijte m\u00e9 p\u0159\u00edm\u00e9 kontakty zde<\/a>.<\/li>\n<\/ul>\n","protected":false},"excerpt":{"rendered":"<p>T\u011bhotensk\u00e9 focen\u00ed \u0160ternberk: Va\u0161e kr\u00e1sa v rukou profesion\u00e1la Hled\u00e1te \u0161pi\u010dkov\u00e9 t\u011bhotensk\u00e9 focen\u00ed v okol\u00ed \u0160ternberka? Jmenuji se Tom\u00e1\u0161 Tulec a [&hellip;]<\/p>\n","protected":false},"author":1,"featured_media":0,"parent":0,"menu_order":29,"comment_status":"closed","ping_status":"closed","template":"","meta":{"_uag_custom_page_level_css":"","_monsterinsights_skip_tracking":false,"site-sidebar-layout":"default","site-content-layout":"","ast-site-content-layout":"default","site-content-style":"default","site-sidebar-style":"default","ast-global-header-display":"","ast-banner-title-visibility":"","ast-main-header-display":"","ast-hfb-above-header-display":"","ast-hfb-below-header-display":"","ast-hfb-mobile-header-display":"","site-post-title":"","ast-breadcrumbs-content":"","ast-featured-img":"","footer-sml-layout":"","ast-disable-related-posts":"","theme-transparent-header-meta":"","adv-header-id-meta":"","stick-header-meta":"","header-above-stick-meta":"","header-main-stick-meta":"","header-below-stick-meta":"","astra-migrate-meta-layouts":"default","ast-page-background-enabled":"default","ast-page-background-meta":{"desktop":{"background-color":"var(--ast-global-color-5)","background-image":"","background-repeat":"repeat","background-position":"center center","background-size":"auto","background-attachment":"scroll","background-type":"","background-media":"","overlay-type":"","overlay-color":"","overlay-opacity":"","overlay-gradient":""},"tablet":{"background-color":"","background-image":"","background-repeat":"repeat","background-position":"center center","background-size":"auto","background-attachment":"scroll","background-type":"","background-media":"","overlay-type":"","overlay-color":"","overlay-opacity":"","overlay-gradient":""},"mobile":{"background-color":"","background-image":"","background-repeat":"repeat","background-position":"center center","background-size":"auto","background-attachment":"scroll","background-type":"","background-media":"","overlay-type":"","overlay-color":"","overlay-opacity":"","overlay-gradient":""}},"ast-content-background-meta":{"desktop":{"background-color":"var(--ast-global-color-4)","background-image":"","background-repeat":"repeat","background-position":"center center","background-size":"auto","background-attachment":"scroll","background-type":"","background-media":"","overlay-type":"","overlay-color":"","overlay-opacity":"","overlay-gradient":""},"tablet":{"background-color":"var(--ast-global-color-4)","background-image":"","background-repeat":"repeat","background-position":"center center","background-size":"auto","background-attachment":"scroll","background-type":"","background-media":"","overlay-type":"","overlay-color":"","overlay-opacity":"","overlay-gradient":""},"mobile":{"background-color":"var(--ast-global-color-4)","background-image":"","background-repeat":"repeat","background-position":"center center","background-size":"auto","background-attachment":"scroll","background-type":"","background-media":"","overlay-type":"","overlay-color":"","overlay-opacity":"","overlay-gradient":""}},"footnotes":""},"class_list":["post-1835","page","type-page","status-publish","hentry"],"aioseo_notices":[],"aioseo_head":"\n\t\t<!-- All in One SEO 5.0.1.1 - aioseo.com -->\n\t<meta name=\"description\" content=\"Profesion\u00e1ln\u00ed t\u011bhotensk\u00e9 focen\u00ed pro \u0160ternberk. Bohat\u00e9 v\u00edce ne\u017e dvacetilet\u00e9 zku\u0161enosti, viz\u00e1\u017eistka Jana a 2 luxusn\u00ed ateli\u00e9ry jen p\u00e1r minut od v\u00e1s.\" \/>\n\t<meta name=\"robots\" content=\"max-image-preview:large\" \/>\n\t<link rel=\"canonical\" href=\"https:\/\/www.newbornfotoatelier.cz\/newborn-a-tehotenske-foceni-specializovany-fotoatelier\/tehotenske-sternberk\/\" \/>\n\t<meta name=\"generator\" content=\"All in One SEO (AIOSEO) 5.0.1.1\" \/>\n\t\t<meta property=\"og:locale\" content=\"cs_CZ\" \/>\n\t\t<meta property=\"og:site_name\" content=\"Newborn focen\u00ed miminek, batolat a novorozenc\u016f Olomouc, T\u011bhotensk\u00e9 focen\u00ed | Portr\u00e9tn\u00ed fotograf a fotoateli\u00e9r Olomouc-newborn focen\u00ed novorozenc\u016f, miminek a t\u011bhotensk\u00e9 focen\u00ed\" \/>\n\t\t<meta property=\"og:type\" content=\"article\" \/>\n\t\t<meta property=\"og:title\" content=\"T\u011bhotensk\u00e9 focen\u00ed \u0160ternberk | Ateli\u00e9r Hn\u011bvot\u00edn | Tom\u00e1\u0161 Tulec\" \/>\n\t\t<meta property=\"og:description\" content=\"Profesion\u00e1ln\u00ed t\u011bhotensk\u00e9 focen\u00ed pro \u0160ternberk. Bohat\u00e9 v\u00edce ne\u017e dvacetilet\u00e9 zku\u0161enosti, viz\u00e1\u017eistka Jana a 2 luxusn\u00ed ateli\u00e9ry jen p\u00e1r minut od v\u00e1s.\" \/>\n\t\t<meta property=\"og:url\" content=\"https:\/\/www.newbornfotoatelier.cz\/newborn-a-tehotenske-foceni-specializovany-fotoatelier\/tehotenske-sternberk\/\" \/>\n\t\t<meta property=\"og:image\" content=\"https:\/\/www.newbornfotoatelier.cz\/wp-content\/uploads\/2021\/08\/7.jpg\" \/>\n\t\t<meta property=\"og:image:secure_url\" content=\"https:\/\/www.newbornfotoatelier.cz\/wp-content\/uploads\/2021\/08\/7.jpg\" \/>\n\t\t<meta property=\"og:image:width\" content=\"2000\" \/>\n\t\t<meta property=\"og:image:height\" content=\"1600\" \/>\n\t\t<meta property=\"article:published_time\" content=\"2026-02-15T10:11:37+00:00\" \/>\n\t\t<meta property=\"article:modified_time\" content=\"2026-02-24T07:02:58+00:00\" \/>\n\t\t<meta property=\"article:publisher\" content=\"https:\/\/www.facebook.com\/tulectrendfoto.cz\" \/>\n\t\t<meta name=\"twitter:card\" content=\"summary\" \/>\n\t\t<meta name=\"twitter:title\" content=\"T\u011bhotensk\u00e9 focen\u00ed \u0160ternberk | Ateli\u00e9r Hn\u011bvot\u00edn | Tom\u00e1\u0161 Tulec\" \/>\n\t\t<meta name=\"twitter:description\" content=\"Profesion\u00e1ln\u00ed t\u011bhotensk\u00e9 focen\u00ed pro \u0160ternberk. Bohat\u00e9 v\u00edce ne\u017e dvacetilet\u00e9 zku\u0161enosti, viz\u00e1\u017eistka Jana a 2 luxusn\u00ed ateli\u00e9ry jen p\u00e1r minut od v\u00e1s.\" \/>\n\t\t<meta name=\"twitter:image\" content=\"https:\/\/www.newbornfotoatelier.cz\/wp-content\/uploads\/2021\/08\/7.jpg\" \/>\n\t\t<script type=\"application\/ld+json\" class=\"aioseo-schema\">\n\t\t\t{\"@context\":\"https:\\\/\\\/schema.org\",\"@graph\":[{\"@type\":\"BreadcrumbList\",\"@id\":\"https:\\\/\\\/www.newbornfotoatelier.cz\\\/newborn-a-tehotenske-foceni-specializovany-fotoatelier\\\/tehotenske-sternberk\\\/#breadcrumblist\",\"itemListElement\":[{\"@type\":\"ListItem\",\"@id\":\"https:\\\/\\\/www.newbornfotoatelier.cz\\\/newborn-a-tehotenske-foceni-specializovany-fotoatelier#listItem\",\"position\":1,\"name\":\"Home\",\"item\":\"https:\\\/\\\/www.newbornfotoatelier.cz\\\/newborn-a-tehotenske-foceni-specializovany-fotoatelier\",\"nextItem\":{\"@type\":\"ListItem\",\"@id\":\"https:\\\/\\\/www.newbornfotoatelier.cz\\\/newborn-a-tehotenske-foceni-specializovany-fotoatelier\\\/tehotenske-sternberk\\\/#listItem\",\"name\":\"T\\u011bhotensk\\u00e9 \\u0160ternberk\"}},{\"@type\":\"ListItem\",\"@id\":\"https:\\\/\\\/www.newbornfotoatelier.cz\\\/newborn-a-tehotenske-foceni-specializovany-fotoatelier\\\/tehotenske-sternberk\\\/#listItem\",\"position\":2,\"name\":\"T\\u011bhotensk\\u00e9 \\u0160ternberk\",\"previousItem\":{\"@type\":\"ListItem\",\"@id\":\"https:\\\/\\\/www.newbornfotoatelier.cz\\\/newborn-a-tehotenske-foceni-specializovany-fotoatelier#listItem\",\"name\":\"Home\"}}]},{\"@type\":\"Person\",\"@id\":\"https:\\\/\\\/www.newbornfotoatelier.cz\\\/newborn-a-tehotenske-foceni-specializovany-fotoatelier\\\/#person\",\"name\":\"newbornfot\",\"image\":{\"@type\":\"ImageObject\",\"@id\":\"https:\\\/\\\/www.newbornfotoatelier.cz\\\/newborn-a-tehotenske-foceni-specializovany-fotoatelier\\\/tehotenske-sternberk\\\/#personImage\",\"url\":\"https:\\\/\\\/secure.gravatar.com\\\/avatar\\\/c0ad666e27bac5aa7669ea928e87d86053c4ad5d3e1de201ebaf149506ccfc82?s=96&d=mm&r=g\",\"width\":96,\"height\":96,\"caption\":\"newbornfot\"}},{\"@type\":\"WebPage\",\"@id\":\"https:\\\/\\\/www.newbornfotoatelier.cz\\\/newborn-a-tehotenske-foceni-specializovany-fotoatelier\\\/tehotenske-sternberk\\\/#webpage\",\"url\":\"https:\\\/\\\/www.newbornfotoatelier.cz\\\/newborn-a-tehotenske-foceni-specializovany-fotoatelier\\\/tehotenske-sternberk\\\/\",\"name\":\"T\\u011bhotensk\\u00e9 focen\\u00ed \\u0160ternberk | Ateli\\u00e9r Hn\\u011bvot\\u00edn | Tom\\u00e1\\u0161 Tulec\",\"description\":\"Profesion\\u00e1ln\\u00ed t\\u011bhotensk\\u00e9 focen\\u00ed pro \\u0160ternberk. Bohat\\u00e9 v\\u00edce ne\\u017e dvacetilet\\u00e9 zku\\u0161enosti, viz\\u00e1\\u017eistka Jana a 2 luxusn\\u00ed ateli\\u00e9ry jen p\\u00e1r minut od v\\u00e1s.\",\"inLanguage\":\"cs-CZ\",\"isPartOf\":{\"@id\":\"https:\\\/\\\/www.newbornfotoatelier.cz\\\/newborn-a-tehotenske-foceni-specializovany-fotoatelier\\\/#website\"},\"breadcrumb\":{\"@id\":\"https:\\\/\\\/www.newbornfotoatelier.cz\\\/newborn-a-tehotenske-foceni-specializovany-fotoatelier\\\/tehotenske-sternberk\\\/#breadcrumblist\"},\"datePublished\":\"2026-02-15T10:11:37+00:00\",\"dateModified\":\"2026-02-24T07:02:58+00:00\"},{\"@type\":\"WebSite\",\"@id\":\"https:\\\/\\\/www.newbornfotoatelier.cz\\\/newborn-a-tehotenske-foceni-specializovany-fotoatelier\\\/#website\",\"url\":\"https:\\\/\\\/www.newbornfotoatelier.cz\\\/newborn-a-tehotenske-foceni-specializovany-fotoatelier\\\/\",\"name\":\"Newborn focen\\u00ed miminek, batolat a novorozenc\\u016f Olomouc, T\\u011bhotensk\\u00e9 focen\\u00ed\",\"description\":\"Portr\\u00e9tn\\u00ed fotograf a fotoateli\\u00e9r Olomouc-newborn focen\\u00ed novorozenc\\u016f, miminek a t\\u011bhotensk\\u00e9 focen\\u00ed\",\"inLanguage\":\"cs-CZ\",\"publisher\":{\"@id\":\"https:\\\/\\\/www.newbornfotoatelier.cz\\\/newborn-a-tehotenske-foceni-specializovany-fotoatelier\\\/#person\"}}]}\n\t\t<\/script>\n\t\t<!-- All in One SEO -->\n\n","aioseo_head_json":{"title":"T\u011bhotensk\u00e9 focen\u00ed \u0160ternberk | Ateli\u00e9r Hn\u011bvot\u00edn | Tom\u00e1\u0161 Tulec","description":"Profesion\u00e1ln\u00ed t\u011bhotensk\u00e9 focen\u00ed pro \u0160ternberk. Bohat\u00e9 v\u00edce ne\u017e dvacetilet\u00e9 zku\u0161enosti, viz\u00e1\u017eistka Jana a 2 luxusn\u00ed ateli\u00e9ry jen p\u00e1r minut od v\u00e1s.","canonical_url":"https:\/\/www.newbornfotoatelier.cz\/newborn-a-tehotenske-foceni-specializovany-fotoatelier\/tehotenske-sternberk\/","robots":"max-image-preview:large","keywords":"","webmasterTools":{"miscellaneous":""},"schema":{"@context":"https:\/\/schema.org","@graph":[{"@type":"BreadcrumbList","@id":"https:\/\/www.newbornfotoatelier.cz\/newborn-a-tehotenske-foceni-specializovany-fotoatelier\/tehotenske-sternberk\/#breadcrumblist","itemListElement":[{"@type":"ListItem","@id":"https:\/\/www.newbornfotoatelier.cz\/newborn-a-tehotenske-foceni-specializovany-fotoatelier#listItem","position":1,"name":"Home","item":"https:\/\/www.newbornfotoatelier.cz\/newborn-a-tehotenske-foceni-specializovany-fotoatelier","nextItem":{"@type":"ListItem","@id":"https:\/\/www.newbornfotoatelier.cz\/newborn-a-tehotenske-foceni-specializovany-fotoatelier\/tehotenske-sternberk\/#listItem","name":"T\u011bhotensk\u00e9 \u0160ternberk"}},{"@type":"ListItem","@id":"https:\/\/www.newbornfotoatelier.cz\/newborn-a-tehotenske-foceni-specializovany-fotoatelier\/tehotenske-sternberk\/#listItem","position":2,"name":"T\u011bhotensk\u00e9 \u0160ternberk","previousItem":{"@type":"ListItem","@id":"https:\/\/www.newbornfotoatelier.cz\/newborn-a-tehotenske-foceni-specializovany-fotoatelier#listItem","name":"Home"}}]},{"@type":"Person","@id":"https:\/\/www.newbornfotoatelier.cz\/newborn-a-tehotenske-foceni-specializovany-fotoatelier\/#person","name":"newbornfot","image":{"@type":"ImageObject","@id":"https:\/\/www.newbornfotoatelier.cz\/newborn-a-tehotenske-foceni-specializovany-fotoatelier\/tehotenske-sternberk\/#personImage","url":"https:\/\/secure.gravatar.com\/avatar\/c0ad666e27bac5aa7669ea928e87d86053c4ad5d3e1de201ebaf149506ccfc82?s=96&d=mm&r=g","width":96,"height":96,"caption":"newbornfot"}},{"@type":"WebPage","@id":"https:\/\/www.newbornfotoatelier.cz\/newborn-a-tehotenske-foceni-specializovany-fotoatelier\/tehotenske-sternberk\/#webpage","url":"https:\/\/www.newbornfotoatelier.cz\/newborn-a-tehotenske-foceni-specializovany-fotoatelier\/tehotenske-sternberk\/","name":"T\u011bhotensk\u00e9 focen\u00ed \u0160ternberk | Ateli\u00e9r Hn\u011bvot\u00edn | Tom\u00e1\u0161 Tulec","description":"Profesion\u00e1ln\u00ed t\u011bhotensk\u00e9 focen\u00ed pro \u0160ternberk. Bohat\u00e9 v\u00edce ne\u017e dvacetilet\u00e9 zku\u0161enosti, viz\u00e1\u017eistka Jana a 2 luxusn\u00ed ateli\u00e9ry jen p\u00e1r minut od v\u00e1s.","inLanguage":"cs-CZ","isPartOf":{"@id":"https:\/\/www.newbornfotoatelier.cz\/newborn-a-tehotenske-foceni-specializovany-fotoatelier\/#website"},"breadcrumb":{"@id":"https:\/\/www.newbornfotoatelier.cz\/newborn-a-tehotenske-foceni-specializovany-fotoatelier\/tehotenske-sternberk\/#breadcrumblist"},"datePublished":"2026-02-15T10:11:37+00:00","dateModified":"2026-02-24T07:02:58+00:00"},{"@type":"WebSite","@id":"https:\/\/www.newbornfotoatelier.cz\/newborn-a-tehotenske-foceni-specializovany-fotoatelier\/#website","url":"https:\/\/www.newbornfotoatelier.cz\/newborn-a-tehotenske-foceni-specializovany-fotoatelier\/","name":"Newborn focen\u00ed miminek, batolat a novorozenc\u016f Olomouc, T\u011bhotensk\u00e9 focen\u00ed","description":"Portr\u00e9tn\u00ed fotograf a fotoateli\u00e9r Olomouc-newborn focen\u00ed novorozenc\u016f, miminek a t\u011bhotensk\u00e9 focen\u00ed","inLanguage":"cs-CZ","publisher":{"@id":"https:\/\/www.newbornfotoatelier.cz\/newborn-a-tehotenske-foceni-specializovany-fotoatelier\/#person"}}]},"og:locale":"cs_CZ","og:site_name":"Newborn focen\u00ed miminek, batolat a novorozenc\u016f Olomouc, T\u011bhotensk\u00e9 focen\u00ed | Portr\u00e9tn\u00ed fotograf a fotoateli\u00e9r Olomouc-newborn focen\u00ed novorozenc\u016f, miminek a t\u011bhotensk\u00e9 focen\u00ed","og:type":"article","og:title":"T\u011bhotensk\u00e9 focen\u00ed \u0160ternberk | Ateli\u00e9r Hn\u011bvot\u00edn | Tom\u00e1\u0161 Tulec","og:description":"Profesion\u00e1ln\u00ed t\u011bhotensk\u00e9 focen\u00ed pro \u0160ternberk. Bohat\u00e9 v\u00edce ne\u017e dvacetilet\u00e9 zku\u0161enosti, viz\u00e1\u017eistka Jana a 2 luxusn\u00ed ateli\u00e9ry jen p\u00e1r minut od v\u00e1s.","og:url":"https:\/\/www.newbornfotoatelier.cz\/newborn-a-tehotenske-foceni-specializovany-fotoatelier\/tehotenske-sternberk\/","og:image":"https:\/\/www.newbornfotoatelier.cz\/wp-content\/uploads\/2021\/08\/7.jpg","og:image:secure_url":"https:\/\/www.newbornfotoatelier.cz\/wp-content\/uploads\/2021\/08\/7.jpg","og:image:width":2000,"og:image:height":1600,"article:published_time":"2026-02-15T10:11:37+00:00","article:modified_time":"2026-02-24T07:02:58+00:00","article:publisher":"https:\/\/www.facebook.com\/tulectrendfoto.cz","twitter:card":"summary","twitter:title":"T\u011bhotensk\u00e9 focen\u00ed \u0160ternberk | Ateli\u00e9r Hn\u011bvot\u00edn | Tom\u00e1\u0161 Tulec","twitter:description":"Profesion\u00e1ln\u00ed t\u011bhotensk\u00e9 focen\u00ed pro \u0160ternberk. Bohat\u00e9 v\u00edce ne\u017e dvacetilet\u00e9 zku\u0161enosti, viz\u00e1\u017eistka Jana a 2 luxusn\u00ed ateli\u00e9ry jen p\u00e1r minut od v\u00e1s.","twitter:image":"https:\/\/www.newbornfotoatelier.cz\/wp-content\/uploads\/2021\/08\/7.jpg"},"aioseo_meta_data":{"post_id":"1835","title":"T\u011bhotensk\u00e9 focen\u00ed \u0160ternberk | Ateli\u00e9r Hn\u011bvot\u00edn | Tom\u00e1\u0161 Tulec","description":"Profesion\u00e1ln\u00ed t\u011bhotensk\u00e9 focen\u00ed pro \u0160ternberk. Bohat\u00e9 v\u00edce ne\u017e dvacetilet\u00e9 zku\u0161enosti, viz\u00e1\u017eistka Jana a 2 luxusn\u00ed ateli\u00e9ry jen p\u00e1r minut od v\u00e1s.","keywords":null,"keyphrases":{"focus":{"keyphrase":"","score":0,"analysis":{"keyphraseInTitle":{"score":0,"maxScore":9,"error":1}}},"additional":[]},"primary_term":null,"canonical_url":null,"og_title":null,"og_description":null,"og_object_type":"default","og_image_type":"default","og_image_url":null,"og_image_width":null,"og_image_height":null,"og_image_custom_url":null,"og_image_custom_fields":null,"og_video":"","og_custom_url":null,"og_article_section":null,"og_article_tags":null,"twitter_use_og":false,"twitter_card":"default","twitter_image_type":"default","twitter_image_url":null,"twitter_image_custom_url":null,"twitter_image_custom_fields":null,"twitter_title":null,"twitter_description":null,"schema":{"blockGraphs":[],"customGraphs":[],"default":{"data":{"Article":[],"Course":[],"Dataset":[],"FAQPage":[],"Movie":[],"Person":[],"Product":[],"ProductReview":[],"Car":[],"Recipe":[],"Service":[],"SoftwareApplication":[],"WebPage":[]},"graphName":"WebPage","isEnabled":true},"graphs":[]},"schema_type":"default","schema_type_options":null,"pillar_content":false,"robots_default":true,"robots_noindex":false,"robots_noarchive":false,"robots_nosnippet":false,"robots_nofollow":false,"robots_noimageindex":false,"robots_noodp":false,"robots_notranslate":false,"robots_max_snippet":"-1","robots_max_videopreview":"-1","robots_max_imagepreview":"large","priority":null,"frequency":"default","local_seo":null,"breadcrumb_settings":null,"limit_modified_date":false,"ai":{"faqs":[],"keyPoints":[],"titles":[],"descriptions":[],"socialPosts":{"email":[],"linkedin":[],"twitter":[],"facebook":[],"instagram":[]}},"created":"2026-02-15 10:05:08","updated":"2026-02-24 07:06:53","seo_analyzer_scan_date":null,"focus_keyword":null,"additional_keywords":null,"truseo_locale":null},"uagb_featured_image_src":{"full":false,"thumbnail":false,"medium":false,"medium_large":false,"large":false,"1536x1536":false,"2048x2048":false},"uagb_author_info":{"display_name":"newbornfot","author_link":"https:\/\/www.newbornfotoatelier.cz\/newborn-a-tehotenske-foceni-specializovany-fotoatelier\/author\/newbornfot\/"},"uagb_comment_info":0,"uagb_excerpt":"T\u011bhotensk\u00e9 focen\u00ed \u0160ternberk: Va\u0161e kr\u00e1sa v rukou profesion\u00e1la Hled\u00e1te \u0161pi\u010dkov\u00e9 t\u011bhotensk\u00e9 focen\u00ed v okol\u00ed \u0160ternberka? Jmenuji se Tom\u00e1\u0161 Tulec a [&hellip;]","_links":{"self":[{"href":"https:\/\/www.newbornfotoatelier.cz\/newborn-a-tehotenske-foceni-specializovany-fotoatelier\/wp-json\/wp\/v2\/pages\/1835","targetHints":{"allow":["GET"]}}],"collection":[{"href":"https:\/\/www.newbornfotoatelier.cz\/newborn-a-tehotenske-foceni-specializovany-fotoatelier\/wp-json\/wp\/v2\/pages"}],"about":[{"href":"https:\/\/www.newbornfotoatelier.cz\/newborn-a-tehotenske-foceni-specializovany-fotoatelier\/wp-json\/wp\/v2\/types\/page"}],"author":[{"embeddable":true,"href":"https:\/\/www.newbornfotoatelier.cz\/newborn-a-tehotenske-foceni-specializovany-fotoatelier\/wp-json\/wp\/v2\/users\/1"}],"replies":[{"embeddable":true,"href":"https:\/\/www.newbornfotoatelier.cz\/newborn-a-tehotenske-foceni-specializovany-fotoatelier\/wp-json\/wp\/v2\/comments?post=1835"}],"version-history":[{"count":1,"href":"https:\/\/www.newbornfotoatelier.cz\/newborn-a-tehotenske-foceni-specializovany-fotoatelier\/wp-json\/wp\/v2\/pages\/1835\/revisions"}],"predecessor-version":[{"id":1836,"href":"https:\/\/www.newbornfotoatelier.cz\/newborn-a-tehotenske-foceni-specializovany-fotoatelier\/wp-json\/wp\/v2\/pages\/1835\/revisions\/1836"}],"wp:attachment":[{"href":"https:\/\/www.newbornfotoatelier.cz\/newborn-a-tehotenske-foceni-specializovany-fotoatelier\/wp-json\/wp\/v2\/media?parent=1835"}],"curies":[{"name":"wp","href":"https:\/\/api.w.org\/{rel}","templated":true}]}}